{"id":146,"date":"2024-03-18T11:39:24","date_gmt":"2024-03-18T10:39:24","guid":{"rendered":"https:\/\/smd-formation.com\/?page_id=146"},"modified":"2024-03-18T11:47:52","modified_gmt":"2024-03-18T10:47:52","slug":"mentions-legales","status":"publish","type":"page","link":"https:\/\/smd-formation.com\/index.php\/mentions-legales\/","title":{"rendered":"Mentions l\u00e9gales"},"content":{"rendered":"\t\t<div data-elementor-type=\"wp-page\" data-elementor-id=\"146\" class=\"elementor elementor-146\" data-elementor-post-type=\"page\">\n\t\t\t\t<div class=\"elementor-element elementor-element-1cff631 e-flex e-con-boxed e-con e-parent\" data-id=\"1cff631\" data-element_type=\"container\" data-core-v316-plus=\"true\">\n\t\t\t\t\t<div class=\"e-con-inner\">\n\t\t\t\t<div class=\"elementor-element elementor-element-5b6bdc3 elementor-widget elementor-widget-heading\" data-id=\"5b6bdc3\" data-element_type=\"widget\" data-widget_type=\"heading.default\">\n\t\t\t\t<div class=\"elementor-widget-container\">\n\t\t\t<style>\/*! elementor - v3.20.0 - 13-03-2024 *\/\n.elementor-heading-title{padding:0;margin:0;line-height:1}.elementor-widget-heading .elementor-heading-title[class*=elementor-size-]>a{color:inherit;font-size:inherit;line-height:inherit}.elementor-widget-heading .elementor-heading-title.elementor-size-small{font-size:15px}.elementor-widget-heading .elementor-heading-title.elementor-size-medium{font-size:19px}.elementor-widget-heading .elementor-heading-title.elementor-size-large{font-size:29px}.elementor-widget-heading .elementor-heading-title.elementor-size-xl{font-size:39px}.elementor-widget-heading .elementor-heading-title.elementor-size-xxl{font-size:59px}<\/style><h2 class=\"elementor-heading-title elementor-size-default\">MENTIONS L\u00c9GALES<\/h2>\t\t<\/div>\n\t\t\t\t<\/div>\n\t\t\t\t<div class=\"elementor-element elementor-element-81ce095 elementor-widget elementor-widget-text-editor\" data-id=\"81ce095\" data-element_type=\"widget\" data-widget_type=\"text-editor.default\">\n\t\t\t\t<div class=\"elementor-widget-container\">\n\t\t\t<style>\/*! elementor - v3.20.0 - 13-03-2024 *\/\n.elementor-widget-text-editor.elementor-drop-cap-view-stacked .elementor-drop-cap{background-color:#69727d;color:#fff}.elementor-widget-text-editor.elementor-drop-cap-view-framed .elementor-drop-cap{color:#69727d;border:3px solid;background-color:transparent}.elementor-widget-text-editor:not(.elementor-drop-cap-view-default) .elementor-drop-cap{margin-top:8px}.elementor-widget-text-editor:not(.elementor-drop-cap-view-default) .elementor-drop-cap-letter{width:1em;height:1em}.elementor-widget-text-editor .elementor-drop-cap{float:left;text-align:center;line-height:1;font-size:50px}.elementor-widget-text-editor .elementor-drop-cap-letter{display:inline-block}<\/style>\t\t\t\t<p>Conform\u00e9ment aux dispositions des articles 6-III et 19 de la loi pour la Confiance dans l\u2019Economie Num\u00e9rique, veuillez prendre connaissance des informations suivantes :<\/p><p>Editeur du site<\/p><p>Ce site est \u00e9dit\u00e9 par SMD-Formation dont le si\u00e8ge est situ\u00e9 159C av. Jean Jaur\u00e8s,<br \/>76140 LE PETIT QUEVILLY,France.<br \/>Num\u00e9ro de SIRET : 979\u00a0939\u00a0204\u00a0000 17<br \/>D\u00e9claration d\u2019activit\u00e9\u00a0: 287\u00a0607 07 776<br \/>Num\u00e9ro de TVA intracommunautaire : FR en cours<br \/>Direction de publication : St\u00e9phane METERFI<\/p>\t\t\t\t\t\t<\/div>\n\t\t\t\t<\/div>\n\t\t\t\t\t<\/div>\n\t\t\t\t<\/div>\n\t\t<div class=\"elementor-element elementor-element-8313ae3 e-flex e-con-boxed e-con e-parent\" data-id=\"8313ae3\" data-element_type=\"container\" data-settings=\"{&quot;background_background&quot;:&quot;classic&quot;}\" data-core-v316-plus=\"true\">\n\t\t\t\t\t<div class=\"e-con-inner\">\n\t\t\t\t<div class=\"elementor-element elementor-element-c374f40 elementor-widget elementor-widget-heading\" data-id=\"c374f40\" data-element_type=\"widget\" data-widget_type=\"heading.default\">\n\t\t\t\t<div class=\"elementor-widget-container\">\n\t\t\t<h4 class=\"elementor-heading-title elementor-size-default\">Limitation de responsabilit\u00e9<\/h4>\t\t<\/div>\n\t\t\t\t<\/div>\n\t\t\t\t<div class=\"elementor-element elementor-element-31cfcce elementor-widget elementor-widget-text-editor\" data-id=\"31cfcce\" data-element_type=\"widget\" data-widget_type=\"text-editor.default\">\n\t\t\t\t<div class=\"elementor-widget-container\">\n\t\t\t\t\t\t\t<p>L\u2019utilisateur reconnait avoir pris connaissance des pr\u00e9sentes conditions d\u2019utilisation et s\u2019engage \u00e0 les respecter.<br \/>L\u2019utilisateur du site internet idaconcept.fr reconnait disposer de la comp\u00e9tence et des moyens n\u00e9cessaires pour acc\u00e9der et utiliser ce site.<br \/>L\u2019utilisateur du site internet idaconcept.fr reconnait avoir v\u00e9rifi\u00e9 que la configuration informatique utilis\u00e9e ne contient aucun virus et qu\u2019elle est en parfait \u00e9tat de fonctionnement.<br \/>Duplica met tout en \u0153uvre pour offrir aux utilisateurs des informations et\/ou des outils disponibles et v\u00e9rifi\u00e9s mais ne saurait \u00eatre tenu pour responsable des erreurs, d\u2019une absence de disponibilit\u00e9 des fonctionnalit\u00e9s et\/ou de la pr\u00e9sence de virus sur son site.<br \/>Les informations fournies par SMD-formation le sont \u00e0 titre indicatif et ne sauraient dispenser l\u2019utilisateur d\u2019une analyse compl\u00e9mentaire et personnalis\u00e9e.<br \/>SMD-formation ne saurait garantir l\u2019exactitude, la compl\u00e9tude, l\u2019actualit\u00e9 des informations diffus\u00e9es sur son site.<br \/>En cons\u00e9quence, l\u2019utilisateur reconnait utiliser ces informations sous sa responsabilit\u00e9 exclusive.<br \/>En application de la loi N\u00b078-17 du 6 janvier 1978 modifi\u00e9e, relative \u00e0 l\u2019informatique, aux fichiers et aux libert\u00e9s, le site web a fait l\u2019objet d\u2019une d\u00e9claration aupr\u00e8s de la commission Nationale de l\u2019Informatique et des Libert\u00e9s (www.cnil.fr).<br \/>Les traitements automatis\u00e9s de donn\u00e9es nominatives r\u00e9alis\u00e9s \u00e0 partir du site web idaconcept.fr ont \u00e9t\u00e9 trait\u00e9s en conformit\u00e9 avec les exigences de la loi N\u00b078-17 du 6 janvier 1978 modifi\u00e9e, relative aux fichiers et aux libert\u00e9s.<br \/>L\u2019utilisateur est notamment inform\u00e9 que conform\u00e9ment \u00e0 l\u2019article 32 de la loi n\u00b078-17 du 6 janvier 1978 modifi\u00e9e, relative \u00e0 l\u2019informatique, aux fichiers et aux libert\u00e9s, les informations qu\u2019il communique par le biais des formulaires pr\u00e9sents sur le site sont n\u00e9cessaires pour r\u00e9pondre \u00e0 sa demande et sont destin\u00e9s \u00e0 SMD-formation, en tant que responsable du traitement \u00e0 des fins de gestion administrative et commerciale.<br \/>L\u2019utilisateur est inform\u00e9 qu\u2019il dispose d\u2019un droit d\u2019acc\u00e8s, d\u2019interrogation et de rectification qui lui permet , le cas \u00e9ch\u00e9ant de faire rectifier, compl\u00e9ter, mettre \u00e0 jour, verrouiller ou effacer les donn\u00e9es personnelles le concernant qui sont inexactes, incompl\u00e8tes, \u00e9quivoques, p\u00e9rim\u00e9es ou dont la collecte, l\u2019utilisation, la communication ou la conservation est interdite.<br \/>L\u2019utilisateur dispose \u00e9galement d\u2019un droit d\u2019opposition au traitement de ses donn\u00e9es pour des motifs l\u00e9gitimes ainsi qu\u2019un droit d\u2019opposition \u00e0 ce que ces donn\u00e9es soient utilis\u00e9es \u00e0 des fins de prospection commerciale.<\/p>\t\t\t\t\t\t<\/div>\n\t\t\t\t<\/div>\n\t\t\t\t\t<\/div>\n\t\t\t\t<\/div>\n\t\t<div class=\"elementor-element elementor-element-1ae6b2e e-flex e-con-boxed e-con e-parent\" data-id=\"1ae6b2e\" data-element_type=\"container\" data-settings=\"{&quot;background_background&quot;:&quot;classic&quot;}\" data-core-v316-plus=\"true\">\n\t\t\t\t\t<div class=\"e-con-inner\">\n\t\t\t\t<div class=\"elementor-element elementor-element-04da488 elementor-widget elementor-widget-heading\" data-id=\"04da488\" data-element_type=\"widget\" data-widget_type=\"heading.default\">\n\t\t\t\t<div class=\"elementor-widget-container\">\n\t\t\t<h4 class=\"elementor-heading-title elementor-size-default\">Propri\u00e9t\u00e9 intellectuelle<\/h4>\t\t<\/div>\n\t\t\t\t<\/div>\n\t\t\t\t<div class=\"elementor-element elementor-element-772cb0d elementor-widget elementor-widget-text-editor\" data-id=\"772cb0d\" data-element_type=\"widget\" data-widget_type=\"text-editor.default\">\n\t\t\t\t<div class=\"elementor-widget-container\">\n\t\t\t\t\t\t\t<p>La structure g\u00e9n\u00e9rale ainsi que les logiciels, textes, images anim\u00e9s ou non, son savoir-faire et tous les autres \u00e9l\u00e9ments composant le site sont la propri\u00e9t\u00e9 exclusive de smd-formation.<br \/>Toute repr\u00e9sentation totale ou partielle de ce site par quelque personne que ce soit, sans l\u2019autorisation expresse de smd-formation est interdite et constituerait une contrefa\u00e7on sanctionn\u00e9e par les articles L.335-2 et suivants du Code de la propri\u00e9t\u00e9 intellectuelle.<br \/>Il en est de m\u00eame des bases de donn\u00e9es figurant le cas \u00e9ch\u00e9ant sur le site web qui sont prot\u00e9g\u00e9es par les dispositions de la loi du 1er juillet 1998 portant transposition dans le Code de la propri\u00e9t\u00e9 intellectuelle de la directive du 11 mars 1996 relative \u00e0 la protection juridique des bases de donn\u00e9es, et dont l\u2019AFNIC est producteur.<br \/>La marque SMD-formation ainsi que les logos figurants sur le site sont des marques d\u00e9pos\u00e9es.<br \/>Toute reproduction partielle ou totale de ces marques ou de ces logos effectu\u00e9s \u00e0 partir des \u00e9l\u00e9ments du site sans l\u2019autorisation expresse de SMD-formation est donc prohib\u00e9e au sens du Code de la propri\u00e9t\u00e9 intellectuelle.<br \/>SMD-formation ne saurait \u00eatre responsable de l\u2019acc\u00e8s par les utilisateurs via les liens hypertextes mis en place dans le cadre de la mise en place du site internet dans la direction d\u2019autres ressources pr\u00e9sentes sur le r\u00e9seau.<\/p><p><strong>H\u00e9bergeur<\/strong><\/p><p>Ce site est h\u00e9berg\u00e9 par OVH, 140 Quai du Sartel, 59100 Roubaix, France.<\/p><p><strong>Cr\u00e9dits<\/strong><\/p><p>Site cr\u00e9\u00e9 par l\u2019\u00e9quipe des\u00a0<a href=\"http:\/\/www.graphic.leshautsdeplafond.com\/\" target=\"_blank\" rel=\"noopener\">Hautsdeplafond<\/a>\u00a0<br \/><br \/><strong>Collecte de donn\u00e9es personnelles<\/strong><\/p><p>voir notre\u00a0<a href=\"https:\/\/idaconcept.fr\/politique-de-confidentialite\/\" target=\"_blank\" rel=\"noopener\">politique de confidentialit\u00e9<\/a>\u00a0et notre\u00a0<a href=\"https:\/\/idaconcept.fr\/politique-de-cookies-ue\/\" target=\"_blank\" rel=\"noopener\">politique de cookies<\/a>.<\/p>\t\t\t\t\t\t<\/div>\n\t\t\t\t<\/div>\n\t\t\t\t\t<\/div>\n\t\t\t\t<\/div>\n\t\t\t\t<\/div>\n\t\t","protected":false},"excerpt":{"rendered":"<p>MENTIONS L\u00c9GALES Conform\u00e9ment aux dispositions des articles 6-III et 19 de la loi pour la Confiance dans l\u2019Economie Num\u00e9rique, veuillez prendre connaissance des informations suivantes : Editeur du site Ce site est \u00e9dit\u00e9 par SMD-Formation dont le si\u00e8ge est situ\u00e9 159C av. Jean Jaur\u00e8s,76140 LE PETIT QUEVILLY,France.Num\u00e9ro de SIRET : 979\u00a0939\u00a0204\u00a0000 17D\u00e9claration d\u2019activit\u00e9\u00a0: 287\u00a0607 07 [&hellip;]<\/p>\n","protected":false},"author":1,"featured_media":0,"parent":0,"menu_order":0,"comment_status":"closed","ping_status":"closed","template":"","meta":{"footnotes":""},"class_list":["post-146","page","type-page","status-publish","hentry"],"_links":{"self":[{"href":"https:\/\/smd-formation.com\/index.php\/wp-json\/wp\/v2\/pages\/146","targetHints":{"allow":["GET"]}}],"collection":[{"href":"https:\/\/smd-formation.com\/index.php\/wp-json\/wp\/v2\/pages"}],"about":[{"href":"https:\/\/smd-formation.com\/index.php\/wp-json\/wp\/v2\/types\/page"}],"author":[{"embeddable":true,"href":"https:\/\/smd-formation.com\/index.php\/wp-json\/wp\/v2\/users\/1"}],"replies":[{"embeddable":true,"href":"https:\/\/smd-formation.com\/index.php\/wp-json\/wp\/v2\/comments?post=146"}],"version-history":[{"count":7,"href":"https:\/\/smd-formation.com\/index.php\/wp-json\/wp\/v2\/pages\/146\/revisions"}],"predecessor-version":[{"id":153,"href":"https:\/\/smd-formation.com\/index.php\/wp-json\/wp\/v2\/pages\/146\/revisions\/153"}],"wp:attachment":[{"href":"https:\/\/smd-formation.com\/index.php\/wp-json\/wp\/v2\/media?parent=146"}],"curies":[{"name":"wp","href":"https:\/\/api.w.org\/{rel}","templated":true}]}}